{"id":154,"date":"2023-07-07T16:32:22","date_gmt":"2023-07-07T16:32:22","guid":{"rendered":"https:\/\/parcava.com\/?page_id=154"},"modified":"2023-07-07T16:32:22","modified_gmt":"2023-07-07T16:32:22","slug":"politica-de-privacidad","status":"publish","type":"page","link":"https:\/\/parcava.com\/index.php\/politica-de-privacidad\/","title":{"rendered":"Pol\u00edtica de Privacidad"},"content":{"rendered":"\n<p><strong>QDQ MEDIA SAU<\/strong>&nbsp;no es responsable de la recogida de datos personales a los usuarios en este apartado, ni ser\u00e1 el encargado del tratamiento de los mismos.<\/p>\n\n\n\n<p>A los efectos del cumplimiento del Reglamento (UE) 2016\/679 del Parlamento Europeo, de 27 de abril (GDPR), y la Ley Org\u00e1nica 3\/2018, de Protecci\u00f3n de Datos Personales y garant\u00eda de los derechos digitales de 5 de diciembre (LOPDGDD), se establece la siguiente informaci\u00f3n:<\/p>\n\n\n\n<figure class=\"wp-block-table\"><table><tbody><tr><td>RESPONSABLE TRATAMIENTO<\/td><td>Raz\u00f3n social: PARCAVA VALENCIA 24, S.L.U.NIF\/CIF: B98802788Direcci\u00f3n:&nbsp;Pol\u00edgono de L&#8217;Andana. Carretera de La Ca\u00f1ada&nbsp;46980&nbsp;Paterna ValenciaCorreo: parkinglogistico@hotmail.com<\/td><\/tr><tr><td>FINALIDAD<\/td><td>Se trata la informaci\u00f3n que nos facilitan las personas interesadas a trav\u00e9s de cualquiera de los diferentes formularios que se ponen a su disposici\u00f3n en la p\u00e1gina web, con el fin de gestionar el env\u00edo de la informaci\u00f3n que nos soliciten, pudiendo elaborarse, de ser necesario, un perfil comercial, en base a la informaci\u00f3n facilitada. No se tomar\u00e1n decisiones automatizadas en base a dicho perfil. Los datos personales proporcionados se conservar\u00e1n mientras se mantenga la relaci\u00f3n mercantil, y no se solicite su supresi\u00f3n por el interesado.<\/td><\/tr><tr><td>LEGITIMACI\u00d3N<\/td><td>Se solicita el consentimiento del interesado para el tratamiento de sus datos y la oferta prospectiva de productos y servicios.<\/td><\/tr><tr><td>DESTINATARIOS<\/td><td>Los datos personales no se ceder\u00e1n a terceros, salvo en su caso, otras empresas de grupo para fines administrativos internos.<\/td><\/tr><tr><td>DERECHOS<\/td><td>Los interesados \u200b\u200btienen derecho a acceder a sus datos personales, as\u00ed como a solicitar la rectificaci\u00f3n de los datos inexactos o, en su caso, solicitar su supresi\u00f3n cuando los datos ya no sean necesarios para los fines que fueron recogidos. Los interesados \u200b\u200ben determinadas circunstancias tambi\u00e9n podr\u00e1n limitar u oponerse al tratamiento de sus datos, as\u00ed como solicitar la portabilidad de los mismos. Tambi\u00e9n tendr\u00e1 derecho a retirar su consentimiento y a presentar una queja ante la Autoridad de Control. Para ejercer sus derechos deber\u00e1 dirigirse al Responsable en la direcci\u00f3n que figura en el primer cuadro, acompa\u00f1ado de copia del documento de identidad del interesado.<\/td><\/tr><\/tbody><\/table><\/figure>\n\n\n\n<h2 class=\"wp-block-heading\">1. \u00bfQui\u00e9n es el responsable del tratamiento de tus datos personales?<\/h2>\n\n\n\n<p>PARCAVA VALENCIA 24, S.L.U., NIF\/ CIF: B98802788, direcci\u00f3n:&nbsp;Pol\u00edgono de L&#8217;Andana. Carretera de La Ca\u00f1ada&nbsp;46980&nbsp;Paterna Valencia&nbsp;y correo electr\u00f3nico parkinglogistico@hotmail.com es el RESPONSABLE del tratamiento de los datos personales del USUARIO y le informa de que estos datos ser\u00e1n tratados de conformidad con lo dispuesto en el Reglamento (UE) 2016\/679, de 27 de abril (GDPR), y la Ley Org\u00e1nica 3\/2018, de 5 de diciembre (LOPDGDD).<\/p>\n\n\n\n<h2 class=\"wp-block-heading\">2. \u00bfCon qu\u00e9 finalidad se tratan los datos y cu\u00e1l es la base que legitima el tratamiento?<\/h2>\n\n\n\n<p>Se trata la informaci\u00f3n que nos facilitan las personas interesadas con el fin de gestionar el env\u00edo de la informaci\u00f3n que nos soliciten, pudiendo elaborarse, de ser necesario, un perfil comercial, en base a la informaci\u00f3n facilitada. Tramitar encargos, solicitudes, dar respuesta a las consultas o cualquier tipo de petici\u00f3n que sea realizada por el USUARIO a trav\u00e9s de cualquiera de las formas de contacto que se ponen a su disposici\u00f3n en la p\u00e1gina web del RESPONSABLE.<\/p>\n\n\n\n<h2 class=\"wp-block-heading\">3. \u00bfCu\u00e1nto tiempo se conservan los datos?<\/h2>\n\n\n\n<p>Los datos personales proporcionados se conservar\u00e1n mientras se mantenga la relaci\u00f3n mercantil, y no se solicite su supresi\u00f3n por el interesado. Cuando ya no sea necesario, se suprimir\u00e1n con las medidas de seguridad adecuadas.<\/p>\n\n\n\n<h2 class=\"wp-block-heading\">4. \u00bfQu\u00e9 derechos existen y c\u00f3mo ejercerlos?<\/h2>\n\n\n\n<p>Las personas interesadas tienen derecho a acceder a sus datos personales, as\u00ed como a solicitar la rectificaci\u00f3n de los datos inexactos o, en su caso, solicitar su supresi\u00f3n cuando, los datos ya no sean necesarios para los fines que fueron recogidos. Tambi\u00e9n los interesados en determinadas circunstancias podr\u00e1n oponerse al tratamiento de sus datos. Tambi\u00e9n tendr\u00e1 derecho a retirar el consentimiento prestado y a reclamar ante la Autoridad de Control.<\/p>\n\n\n\n<p>Para ejercer sus derechos deber\u00e1 ponerse en contacto con el Responsable en la direcci\u00f3n&nbsp;Pol\u00edgono de L&#8217;Andana. Carretera de La Ca\u00f1ada&nbsp;46980&nbsp;Paterna Valencia&nbsp;acompa\u00f1ado de copia documento de identidad del interesado.<\/p>\n\n\n\n<p>La normativa vigente de protecci\u00f3n de datos le ampara en una serie de derechos en relaci\u00f3n al uso que le damos a sus datos. Todos y cada uno de sus derechos son unipersonales e intransferibles, es decir, que \u00fanicamente pueden ser realizados por el titular de los datos, previa comprobaci\u00f3n de su identidad.<\/p>\n\n\n\n<p>A continuaci\u00f3n le indicamos cuales son los derechos que le asisten:<\/p>\n\n\n\n<ul class=\"wp-block-list\">\n<li>* Solicitar el ACCESO a sus datos personales.<\/li>\n\n\n\n<li>* Solicitar la RECTIFICACION de sus datos.<\/li>\n\n\n\n<li>* Solicitar la SUPRESI\u00d3N o eliminaci\u00f3n de sus datos (derecho al \u00abolvido\u00bb).<\/li>\n\n\n\n<li>* LIMITAR u OPONERSE al uso que le damos a sus datos.<\/li>\n\n\n\n<li>* Derecho a la PORTABILIDAD de sus datos para casos de servicios de telecomunicaciones o internet.<\/li>\n\n\n\n<li>* Derecho a RETIRAR su consentimiento en cualquier momento.<\/li>\n\n\n\n<li>* Tendr\u00e1 derecho a presentar una reclamaci\u00f3n ante la Agencia Espa\u00f1ola de Protecci\u00f3n de Datos a trav\u00e9s de www.aepd.es.<\/li>\n<\/ul>\n\n\n\n<p>Para el ejercicio de sus derechos de acceso, rectificaci\u00f3n, supresi\u00f3n, limitaci\u00f3n u oposici\u00f3n, portabilidad y retirada de su consentimiento, deber\u00e1 ponerse en contacto con el Responsable en la direcci\u00f3n&nbsp;Pol\u00edgono de L&#8217;Andana. Carretera de La Ca\u00f1ada&nbsp;46980&nbsp;Paterna Valencia&nbsp;.<\/p>\n\n\n\n<h2 class=\"wp-block-heading\">5. \u00bfA qui\u00e9n facilitamos tus datos personales? Destinatarios<\/h2>\n\n\n\n<p>Los datos personales no se ceder\u00e1n a terceros, salvo en su caso, otras empresas de grupo para fines administrativos internos o salvo obligaci\u00f3n legal.<\/p>\n\n\n\n<h2 class=\"wp-block-heading\">6. \u00bfSe toman decisiones automatizadas?<\/h2>\n\n\n\n<p>No se tomar\u00e1n decisiones automatizadas en base al perfil comercial.<\/p>\n\n\n\n<h2 class=\"wp-block-heading\">7. \u00bfSe realizan transferencias internacionales de datos?<\/h2>\n\n\n\n<p>No realizamos transferencias internacionales de sus datos<\/p>\n\n\n\n<h2 class=\"wp-block-heading\">8. \u00bfPor qu\u00e9 motivo podemos tratar tus datos personales?<\/h2>\n\n\n\n<p>Se solicita el consentimiento del interesado para el tratamiento de sus datos y la oferta prospectiva de productos y servicios. Los datos personales obtenidos a trav\u00e9s de los formularios del sitio web ser\u00e1n tratados \u00fanicamente en base al consentimiento otorgado por el interesado, a trav\u00e9s de la aceptaci\u00f3n de la casilla dispuesta para tal fin. Este consentimiento puede ser retirado en cualquier momento.<\/p>\n\n\n\n<p>Inter\u00e9s leg\u00edtimo del responsable. La informaci\u00f3n estad\u00edstica obtenida del sitio web ser\u00e1 tratada en base al inter\u00e9s leg\u00edtimo del responsable. Esta informaci\u00f3n no permite identificar al usuario.<\/p>\n\n\n\n<h2 class=\"wp-block-heading\">Aviso legal<\/h2>\n\n\n\n<p>Todos los textos, fotograf\u00edas, logotipos, cupones, productos, servicios e im\u00e1genes visualizadas, as\u00ed como, en su caso, los mensajes de voz, son recogidos por&nbsp;<strong>QDQ MEDIA SAU<\/strong>&nbsp;bajo la responsabilidad \u00fanica y exclusiva del Anunciante, quien es responsable de la veracidad de la informaci\u00f3n contenida en la p\u00e1gina web.<\/p>\n\n\n\n<p>Existen hojas de reclamaciones a disposici\u00f3n del consumidor en la direcci\u00f3n de PARCAVA VALENCIA 24, S.L.U., NIF\/ CIF: B98802788:&nbsp;Pol\u00edgono de L&#8217;Andana. Carretera de La Ca\u00f1ada&nbsp;46980&nbsp;Paterna Valencia&nbsp;, pudiendo ponerse en contacto en cualquier momento en la direcci\u00f3n de correo electr\u00f3nico parkinglogistico@hotmail.com<\/p>\n\n\n\n<p>De acuerdo a lo previsto en la legislaci\u00f3n nacional y comunitaria con respecto a protecci\u00f3n al consumidor, se ofrece la posibilidad de recurrir a un mecanismo de reclamaci\u00f3n y resoluci\u00f3n de conflicto en l\u00ednea, conforme al art\u00edculo 14 del Reglamento 524\/2013 de la UE. La Comisi\u00f3n facilita esta plataforma que est\u00e1 disponible en el siguiente enlace:&nbsp;<a href=\"https:\/\/ec.europa.eu\/consumers\/odr\/main\/index.cfm?event=main.home2.show&amp;lng=ES\">https:\/\/ec.europa.eu\/consumers\/odr\/main\/index.cfm?event=main.home2.show&amp;lng=ES<\/a><\/p>\n","protected":false},"excerpt":{"rendered":"<p>QDQ MEDIA SAU&nbsp;no es responsable de la recogida de datos personales a los usuarios en este apartado, ni ser\u00e1 el encargado del tratamiento de los mismos. A los efectos del cumplimiento del Reglamento (UE) 2016\/679 del Parlamento Europeo, de 27 de abril (GDPR), y la Ley Org\u00e1nica 3\/2018, de Protecci\u00f3n de Datos Personales y garant\u00eda &#8230; <a title=\"Pol\u00edtica de Privacidad\" class=\"read-more\" href=\"https:\/\/parcava.com\/index.php\/politica-de-privacidad\/\" aria-label=\"M\u00e1s en Pol\u00edtica de Privacidad\">Leer m\u00e1s<\/a><\/p>\n","protected":false},"author":1,"featured_media":0,"parent":0,"menu_order":0,"comment_status":"closed","ping_status":"closed","template":"","meta":{"footnotes":""},"class_list":["post-154","page","type-page","status-publish"],"_links":{"self":[{"href":"https:\/\/parcava.com\/index.php\/wp-json\/wp\/v2\/pages\/154","targetHints":{"allow":["GET"]}}],"collection":[{"href":"https:\/\/parcava.com\/index.php\/wp-json\/wp\/v2\/pages"}],"about":[{"href":"https:\/\/parcava.com\/index.php\/wp-json\/wp\/v2\/types\/page"}],"author":[{"embeddable":true,"href":"https:\/\/parcava.com\/index.php\/wp-json\/wp\/v2\/users\/1"}],"replies":[{"embeddable":true,"href":"https:\/\/parcava.com\/index.php\/wp-json\/wp\/v2\/comments?post=154"}],"version-history":[{"count":1,"href":"https:\/\/parcava.com\/index.php\/wp-json\/wp\/v2\/pages\/154\/revisions"}],"predecessor-version":[{"id":155,"href":"https:\/\/parcava.com\/index.php\/wp-json\/wp\/v2\/pages\/154\/revisions\/155"}],"wp:attachment":[{"href":"https:\/\/parcava.com\/index.php\/wp-json\/wp\/v2\/media?parent=154"}],"curies":[{"name":"wp","href":"https:\/\/api.w.org\/{rel}","templated":true}]}}